{"id":26251,"date":"2023-06-11T21:31:29","date_gmt":"2023-06-11T19:31:29","guid":{"rendered":"https:\/\/dev4.velsya.fr\/dev-daumas-gassac-2023\/?page_id=26251"},"modified":"2025-03-11T12:53:16","modified_gmt":"2025-03-11T11:53:16","slug":"partenariats","status":"publish","type":"page","link":"https:\/\/www.daumas-gassac.com\/fr\/partenariats\/","title":{"rendered":"Partenariats"},"content":{"rendered":"\t\t<div data-elementor-type=\"wp-page\" data-elementor-id=\"26251\" class=\"elementor elementor-26251\" data-elementor-post-type=\"page\">\n\t\t\t\t<div class=\"elementor-element elementor-element-feb015f e-flex e-con-boxed e-con e-parent\" data-id=\"feb015f\" data-element_type=\"container\" data-e-type=\"container\">\n\t\t\t\t\t<div class=\"e-con-inner\">\n\t\t<div class=\"elementor-element elementor-element-f74f61b e-con-full e-flex e-con e-child\" data-id=\"f74f61b\" data-element_type=\"container\" data-e-type=\"container\" data-settings=\"{&quot;background_background&quot;:&quot;classic&quot;}\">\n\t\t\t\t<div class=\"elementor-element elementor-element-fbab47d elementor-widget elementor-widget-heading\" data-id=\"fbab47d\" data-element_type=\"widget\" data-e-type=\"widget\" data-widget_type=\"heading.default\">\n\t\t\t\t<div class=\"elementor-widget-container\">\n\t\t\t\t\t<h1 class=\"elementor-heading-title elementor-size-default\">Partenariats<\/h1>\t\t\t\t<\/div>\n\t\t\t\t<\/div>\n\t\t\t\t<div class=\"elementor-element elementor-element-1dcb57c elementor-widget-divider--view-line elementor-widget elementor-widget-divider\" data-id=\"1dcb57c\" data-element_type=\"widget\" data-e-type=\"widget\" data-widget_type=\"divider.default\">\n\t\t\t\t<div class=\"elementor-widget-container\">\n\t\t\t\t\t\t\t<div class=\"elementor-divider\">\n\t\t\t<span class=\"elementor-divider-separator\">\n\t\t\t\t\t\t<\/span>\n\t\t<\/div>\n\t\t\t\t\t\t<\/div>\n\t\t\t\t<\/div>\n\t\t\t\t<div class=\"elementor-element elementor-element-f91233a elementor-view-default elementor-widget elementor-widget-icon\" data-id=\"f91233a\" data-element_type=\"widget\" data-e-type=\"widget\" data-widget_type=\"icon.default\">\n\t\t\t\t<div class=\"elementor-widget-container\">\n\t\t\t\t\t\t\t<div class=\"elementor-icon-wrapper\">\n\t\t\t<a class=\"elementor-icon\" href=\"#first\">\n\t\t\t<svg xmlns=\"http:\/\/www.w3.org\/2000\/svg\" width=\"32\" height=\"17\" viewBox=\"0 0 32 17\" fill=\"none\"><path d=\"M0.249572 1.40128C0.170612 1.3262 0.107837 1.23633 0.0649657 1.13699C0.0220942 1.03766 3.29597e-06 0.930895 3.30558e-06 0.823031C3.3152e-06 0.715167 0.0220942 0.6084 0.0649657 0.509069C0.107837 0.409736 0.170612 0.319862 0.249572 0.244779C0.326128 0.167337 0.417764 0.105769 0.519044 0.0637218C0.620323 0.0216762 0.729183 8.76288e-06 0.839162 8.77231e-06C0.94914 8.78174e-06 1.058 0.0216763 1.15928 0.0637219C1.26056 0.105769 1.3522 0.167337 1.42875 0.244779L16 14.5152L30.5713 0.244781C30.6478 0.167339 30.7394 0.105772 30.8407 0.0637244C30.942 0.0216788 31.0509 1.13627e-05 31.1608 1.13721e-05C31.2708 1.13816e-05 31.3797 0.0216789 31.481 0.0637245C31.5822 0.105772 31.6739 0.167339 31.7504 0.244781C31.8294 0.319864 31.8922 0.409739 31.935 0.509071C31.9779 0.608402 32 0.71517 32 0.823033C32 0.930898 31.9779 1.03766 31.935 1.137C31.8922 1.23633 31.8294 1.3262 31.7504 1.40128L17.2002 15.6923C16 16.7731 16 16.7903 14.7998 15.6923L0.249572 1.40128Z\" fill=\"white\"><\/path><\/svg>\t\t\t<\/a>\n\t\t<\/div>\n\t\t\t\t\t\t<\/div>\n\t\t\t\t<\/div>\n\t\t\t\t<\/div>\n\t\t\t\t\t<\/div>\n\t\t\t\t<\/div>\n\t\t<div class=\"elementor-element elementor-element-d0976ac wrap-content e-flex e-con-boxed e-con e-parent\" data-id=\"d0976ac\" data-element_type=\"container\" data-e-type=\"container\">\n\t\t\t\t\t<div class=\"e-con-inner\">\n\t\t<div class=\"elementor-element elementor-element-5f89d0f e-con-full wrap-left e-flex e-con e-child\" data-id=\"5f89d0f\" data-element_type=\"container\" data-e-type=\"container\" data-settings=\"{&quot;background_background&quot;:&quot;classic&quot;}\">\n\t\t<div class=\"elementor-element elementor-element-b207cfa e-con-full e-flex e-con e-child\" data-id=\"b207cfa\" data-element_type=\"container\" data-e-type=\"container\" data-settings=\"{&quot;background_background&quot;:&quot;classic&quot;}\">\n\t\t<div class=\"elementor-element elementor-element-782ebdc e-flex e-con-boxed e-con e-child\" data-id=\"782ebdc\" data-element_type=\"container\" data-e-type=\"container\">\n\t\t\t\t\t<div class=\"e-con-inner\">\n\t\t\t\t<div class=\"elementor-element elementor-element-86c57f4 elementor-widget elementor-widget-menu-anchor\" data-id=\"86c57f4\" data-element_type=\"widget\" data-e-type=\"widget\" data-widget_type=\"menu-anchor.default\">\n\t\t\t\t<div class=\"elementor-widget-container\">\n\t\t\t\t\t\t\t<div class=\"elementor-menu-anchor\" id=\"first\"><\/div>\n\t\t\t\t\t\t<\/div>\n\t\t\t\t<\/div>\n\t\t\t\t<div class=\"elementor-element elementor-element-94ca538 elementor-widget elementor-widget-heading\" data-id=\"94ca538\" data-element_type=\"widget\" data-e-type=\"widget\" data-widget_type=\"heading.default\">\n\t\t\t\t<div class=\"elementor-widget-container\">\n\t\t\t\t\t<h2 class=\"elementor-heading-title elementor-size-default\">Nos partenaires<\/h2>\t\t\t\t<\/div>\n\t\t\t\t<\/div>\n\t\t\t\t<div class=\"elementor-element elementor-element-edf4f40 elementor-widget__width-initial elementor-widget elementor-widget-text-editor\" data-id=\"edf4f40\" data-element_type=\"widget\" data-e-type=\"widget\" data-widget_type=\"text-editor.default\">\n\t\t\t\t<div class=\"elementor-widget-container\">\n\t\t\t\t\t\t\t\t\t<p>Par nos actions et <strong>nos engagements<\/strong>, nous agissons en faveur d\u2019<strong>\u00e9v\u00e8nements culturels<\/strong>, <strong>artistiques<\/strong> ou <strong>\u0153nologiques<\/strong> qui nous ressemblent et avec lesquels nous sommes en empathie. A travers ces diff\u00e9rentes participations, nous tenons aussi \u00e0 rester en \u00e9veil sur ce qu\u2019il se passe en dehors de nos terres et de nous en nourrir au quotidien.<\/p>\t\t\t\t\t\t\t\t<\/div>\n\t\t\t\t<\/div>\n\t\t\t\t\t<\/div>\n\t\t\t\t<\/div>\n\t\t<div class=\"elementor-element elementor-element-2a0892a e-flex e-con-boxed e-con e-child\" data-id=\"2a0892a\" data-element_type=\"container\" data-e-type=\"container\">\n\t\t\t\t\t<div class=\"e-con-inner\">\n\t\t<div class=\"elementor-element elementor-element-bece87e elementor-hidden-mobile e-flex e-con-boxed e-con e-child\" data-id=\"bece87e\" data-element_type=\"container\" data-e-type=\"container\" data-settings=\"{&quot;background_background&quot;:&quot;classic&quot;}\">\n\t\t\t\t\t<div class=\"e-con-inner\">\n\t\t\t\t<div class=\"elementor-element elementor-element-99608a5 elementor-widget elementor-widget-image\" data-id=\"99608a5\" data-element_type=\"widget\" data-e-type=\"widget\" data-widget_type=\"image.default\">\n\t\t\t\t<div class=\"elementor-widget-container\">\n\t\t\t\t\t\t\t\t\t\t\t\t\t\t\t\t<a href=\"#aniane\">\n\t\t\t\t\t\t\t<img fetchpriority=\"high\" decoding=\"async\" width=\"300\" height=\"300\" src=\"https:\/\/www.daumas-gassac.com\/wp-content\/uploads\/LOGO_FESTIVAL.jpg\" class=\"attachment-large size-large wp-image-30914\" alt=\"\" srcset=\"https:\/\/www.daumas-gassac.com\/wp-content\/uploads\/LOGO_FESTIVAL.jpg 300w, https:\/\/www.daumas-gassac.com\/wp-content\/uploads\/LOGO_FESTIVAL-150x150.jpg 150w\" sizes=\"(max-width: 300px) 100vw, 300px\" \/>\t\t\t\t\t\t\t\t<\/a>\n\t\t\t\t\t\t\t\t\t\t\t\t\t\t\t<\/div>\n\t\t\t\t<\/div>\n\t\t\t\t\t<\/div>\n\t\t\t\t<\/div>\n\t\t<div class=\"elementor-element elementor-element-3c1d156 elementor-hidden-mobile e-flex e-con-boxed e-con e-child\" data-id=\"3c1d156\" data-element_type=\"container\" data-e-type=\"container\" data-settings=\"{&quot;background_background&quot;:&quot;classic&quot;}\">\n\t\t\t\t\t<div class=\"e-con-inner\">\n\t\t\t\t<div class=\"elementor-element elementor-element-d0a8297 elementor-widget elementor-widget-image\" data-id=\"d0a8297\" data-element_type=\"widget\" data-e-type=\"widget\" data-widget_type=\"image.default\">\n\t\t\t\t<div class=\"elementor-widget-container\">\n\t\t\t\t\t\t\t\t\t\t\t\t\t\t\t\t<a href=\"#fiestasete\">\n\t\t\t\t\t\t\t<img decoding=\"async\" width=\"300\" height=\"300\" src=\"https:\/\/www.daumas-gassac.com\/wp-content\/uploads\/logo-fiest-a-sete-1.jpg\" class=\"attachment-large size-large wp-image-30905\" alt=\"\" srcset=\"https:\/\/www.daumas-gassac.com\/wp-content\/uploads\/logo-fiest-a-sete-1.jpg 300w, https:\/\/www.daumas-gassac.com\/wp-content\/uploads\/logo-fiest-a-sete-1-150x150.jpg 150w\" sizes=\"(max-width: 300px) 100vw, 300px\" \/>\t\t\t\t\t\t\t\t<\/a>\n\t\t\t\t\t\t\t\t\t\t\t\t\t\t\t<\/div>\n\t\t\t\t<\/div>\n\t\t\t\t\t<\/div>\n\t\t\t\t<\/div>\n\t\t<div class=\"elementor-element elementor-element-f431a18 elementor-hidden-mobile e-flex e-con-boxed e-con e-child\" data-id=\"f431a18\" data-element_type=\"container\" data-e-type=\"container\" data-settings=\"{&quot;background_background&quot;:&quot;classic&quot;}\">\n\t\t\t\t\t<div class=\"e-con-inner\">\n\t\t\t\t<div class=\"elementor-element elementor-element-9418ec1 elementor-widget elementor-widget-image\" data-id=\"9418ec1\" data-element_type=\"widget\" data-e-type=\"widget\" data-widget_type=\"image.default\">\n\t\t\t\t<div class=\"elementor-widget-container\">\n\t\t\t\t\t\t\t\t\t\t\t\t\t\t\t\t<a href=\"#guilhem\">\n\t\t\t\t\t\t\t<img decoding=\"async\" width=\"373\" height=\"376\" src=\"https:\/\/www.daumas-gassac.com\/wp-content\/uploads\/LOGO_AMIS_ST_GUILHEM.jpg\" class=\"attachment-large size-large wp-image-30916\" alt=\"\" srcset=\"https:\/\/www.daumas-gassac.com\/wp-content\/uploads\/LOGO_AMIS_ST_GUILHEM.jpg 373w, https:\/\/www.daumas-gassac.com\/wp-content\/uploads\/LOGO_AMIS_ST_GUILHEM-298x300.jpg 298w, https:\/\/www.daumas-gassac.com\/wp-content\/uploads\/LOGO_AMIS_ST_GUILHEM-150x150.jpg 150w\" sizes=\"(max-width: 373px) 100vw, 373px\" \/>\t\t\t\t\t\t\t\t<\/a>\n\t\t\t\t\t\t\t\t\t\t\t\t\t\t\t<\/div>\n\t\t\t\t<\/div>\n\t\t\t\t\t<\/div>\n\t\t\t\t<\/div>\n\t\t<div class=\"elementor-element elementor-element-a92352f elementor-hidden-mobile e-flex e-con-boxed e-con e-child\" data-id=\"a92352f\" data-element_type=\"container\" data-e-type=\"container\" data-settings=\"{&quot;background_background&quot;:&quot;classic&quot;}\">\n\t\t\t\t\t<div class=\"e-con-inner\">\n\t\t\t\t<div class=\"elementor-element elementor-element-372c1a3 elementor-widget elementor-widget-image\" data-id=\"372c1a3\" data-element_type=\"widget\" data-e-type=\"widget\" data-widget_type=\"image.default\">\n\t\t\t\t<div class=\"elementor-widget-container\">\n\t\t\t\t\t\t\t\t\t\t\t\t\t\t\t\t<a href=\"#cinemed\">\n\t\t\t\t\t\t\t<img loading=\"lazy\" decoding=\"async\" width=\"300\" height=\"307\" src=\"https:\/\/www.daumas-gassac.com\/wp-content\/uploads\/CINEMED.jpg\" class=\"attachment-large size-large wp-image-30720\" alt=\"\" srcset=\"https:\/\/www.daumas-gassac.com\/wp-content\/uploads\/CINEMED.jpg 300w, https:\/\/www.daumas-gassac.com\/wp-content\/uploads\/CINEMED-293x300.jpg 293w\" sizes=\"(max-width: 300px) 100vw, 300px\" \/>\t\t\t\t\t\t\t\t<\/a>\n\t\t\t\t\t\t\t\t\t\t\t\t\t\t\t<\/div>\n\t\t\t\t<\/div>\n\t\t\t\t\t<\/div>\n\t\t\t\t<\/div>\n\t\t<div class=\"elementor-element elementor-element-d82a916 elementor-hidden-mobile e-flex e-con-boxed e-con e-child\" data-id=\"d82a916\" data-element_type=\"container\" data-e-type=\"container\" data-settings=\"{&quot;background_background&quot;:&quot;classic&quot;}\">\n\t\t\t\t\t<div class=\"e-con-inner\">\n\t\t\t\t<div class=\"elementor-element elementor-element-4a999df elementor-widget elementor-widget-image\" data-id=\"4a999df\" data-element_type=\"widget\" data-e-type=\"widget\" data-widget_type=\"image.default\">\n\t\t\t\t<div class=\"elementor-widget-container\">\n\t\t\t\t\t\t\t\t\t\t\t\t\t\t\t\t<a href=\"#fernande\">\n\t\t\t\t\t\t\t<img loading=\"lazy\" decoding=\"async\" width=\"300\" height=\"300\" src=\"https:\/\/www.daumas-gassac.com\/wp-content\/uploads\/QUAND_JE_PENSE_A_FERNANDE.jpg\" class=\"attachment-large size-large wp-image-30909\" alt=\"\" srcset=\"https:\/\/www.daumas-gassac.com\/wp-content\/uploads\/QUAND_JE_PENSE_A_FERNANDE.jpg 300w, https:\/\/www.daumas-gassac.com\/wp-content\/uploads\/QUAND_JE_PENSE_A_FERNANDE-150x150.jpg 150w\" sizes=\"(max-width: 300px) 100vw, 300px\" \/>\t\t\t\t\t\t\t\t<\/a>\n\t\t\t\t\t\t\t\t\t\t\t\t\t\t\t<\/div>\n\t\t\t\t<\/div>\n\t\t\t\t\t<\/div>\n\t\t\t\t<\/div>\n\t\t<div class=\"elementor-element elementor-element-862477b elementor-hidden-mobile e-flex e-con-boxed e-con e-child\" data-id=\"862477b\" data-element_type=\"container\" data-e-type=\"container\" data-settings=\"{&quot;background_background&quot;:&quot;classic&quot;}\">\n\t\t\t\t\t<div class=\"e-con-inner\">\n\t\t\t\t<div class=\"elementor-element elementor-element-981b49e elementor-widget elementor-widget-image\" data-id=\"981b49e\" data-element_type=\"widget\" data-e-type=\"widget\" data-widget_type=\"image.default\">\n\t\t\t\t<div class=\"elementor-widget-container\">\n\t\t\t\t\t\t\t\t\t\t\t\t\t\t\t\t<a href=\"#sanchez\">\n\t\t\t\t\t\t\t<img loading=\"lazy\" decoding=\"async\" width=\"300\" height=\"300\" src=\"https:\/\/www.daumas-gassac.com\/wp-content\/uploads\/LOGO_GUY_SANCHEZ.jpg\" class=\"attachment-large size-large wp-image-30903\" alt=\"\" srcset=\"https:\/\/www.daumas-gassac.com\/wp-content\/uploads\/LOGO_GUY_SANCHEZ.jpg 300w, https:\/\/www.daumas-gassac.com\/wp-content\/uploads\/LOGO_GUY_SANCHEZ-150x150.jpg 150w\" sizes=\"(max-width: 300px) 100vw, 300px\" \/>\t\t\t\t\t\t\t\t<\/a>\n\t\t\t\t\t\t\t\t\t\t\t\t\t\t\t<\/div>\n\t\t\t\t<\/div>\n\t\t\t\t\t<\/div>\n\t\t\t\t<\/div>\n\t\t<div class=\"elementor-element elementor-element-f8fc98c elementor-hidden-mobile e-flex e-con-boxed e-con e-child\" data-id=\"f8fc98c\" data-element_type=\"container\" data-e-type=\"container\" data-settings=\"{&quot;background_background&quot;:&quot;classic&quot;}\">\n\t\t\t\t\t<div class=\"e-con-inner\">\n\t\t\t\t<div class=\"elementor-element elementor-element-b7dfe8d elementor-widget elementor-widget-image\" data-id=\"b7dfe8d\" data-element_type=\"widget\" data-e-type=\"widget\" data-widget_type=\"image.default\">\n\t\t\t\t<div class=\"elementor-widget-container\">\n\t\t\t\t\t\t\t\t\t\t\t\t\t\t\t\t<a href=\"#folies\">\n\t\t\t\t\t\t\t<img loading=\"lazy\" decoding=\"async\" width=\"300\" height=\"300\" src=\"https:\/\/www.daumas-gassac.com\/wp-content\/uploads\/LOGO-FOLIES-LYRIQUES.jpg\" class=\"attachment-large size-large wp-image-30907\" alt=\"\" srcset=\"https:\/\/www.daumas-gassac.com\/wp-content\/uploads\/LOGO-FOLIES-LYRIQUES.jpg 300w, https:\/\/www.daumas-gassac.com\/wp-content\/uploads\/LOGO-FOLIES-LYRIQUES-150x150.jpg 150w\" sizes=\"(max-width: 300px) 100vw, 300px\" \/>\t\t\t\t\t\t\t\t<\/a>\n\t\t\t\t\t\t\t\t\t\t\t\t\t\t\t<\/div>\n\t\t\t\t<\/div>\n\t\t\t\t\t<\/div>\n\t\t\t\t<\/div>\n\t\t\t\t\t<\/div>\n\t\t\t\t<\/div>\n\t\t<div class=\"elementor-element elementor-element-d600e7d e-flex e-con-boxed e-con e-child\" data-id=\"d600e7d\" data-element_type=\"container\" data-e-type=\"container\">\n\t\t\t\t\t<div class=\"e-con-inner\">\n\t\t<div class=\"elementor-element elementor-element-193adda e-con-full e-flex e-con e-child\" data-id=\"193adda\" data-element_type=\"container\" data-e-type=\"container\" data-settings=\"{&quot;background_background&quot;:&quot;classic&quot;}\">\n\t\t\t\t<div class=\"elementor-element elementor-element-9566296 elementor-widget elementor-widget-spacer\" data-id=\"9566296\" data-element_type=\"widget\" data-e-type=\"widget\" data-widget_type=\"spacer.default\">\n\t\t\t\t<div class=\"elementor-widget-container\">\n\t\t\t\t\t\t\t<div class=\"elementor-spacer\">\n\t\t\t<div class=\"elementor-spacer-inner\"><\/div>\n\t\t<\/div>\n\t\t\t\t\t\t<\/div>\n\t\t\t\t<\/div>\n\t\t\t\t<\/div>\n\t\t<div class=\"elementor-element elementor-element-5457196 e-flex e-con-boxed e-con e-child\" data-id=\"5457196\" data-element_type=\"container\" data-e-type=\"container\">\n\t\t\t\t\t<div class=\"e-con-inner\">\n\t\t\t\t<div class=\"elementor-element elementor-element-2450be0 elementor-widget elementor-widget-menu-anchor\" data-id=\"2450be0\" data-element_type=\"widget\" data-e-type=\"widget\" data-widget_type=\"menu-anchor.default\">\n\t\t\t\t<div class=\"elementor-widget-container\">\n\t\t\t\t\t\t\t<div class=\"elementor-menu-anchor\" id=\"aniane\"><\/div>\n\t\t\t\t\t\t<\/div>\n\t\t\t\t<\/div>\n\t\t\t\t<div class=\"elementor-element elementor-element-c5120ed elementor-widget elementor-widget-heading\" data-id=\"c5120ed\" data-element_type=\"widget\" data-e-type=\"widget\" data-widget_type=\"heading.default\">\n\t\t\t\t<div class=\"elementor-widget-container\">\n\t\t\t\t\t<h2 class=\"elementor-heading-title elementor-size-default\">La route des vins du FESTIVAL DES VINS D'ANIANE 2025<\/h2>\t\t\t\t<\/div>\n\t\t\t\t<\/div>\n\t\t\t\t<div class=\"elementor-element elementor-element-45482c8 elementor-widget elementor-widget-text-editor\" data-id=\"45482c8\" data-element_type=\"widget\" data-e-type=\"widget\" data-widget_type=\"text-editor.default\">\n\t\t\t\t<div class=\"elementor-widget-container\">\n\t\t\t\t\t\t\t\t\t<p><strong>25\u00e8 \u00e9dition<\/strong> de la Route des Vins du Festival des vins d\u2019Aniane aura lieu les <strong>21 et 22 juin 2025 !<\/strong><br \/>Roman Guibert est pr\u00e9sident et organisateur de cet \u00e9v\u00e8nement.<\/p><p>Le <a href=\"https:\/\/www.festivaldesvinsdaniane.com\/\" target=\"_blank\" rel=\"noopener\"><strong>Festival des Vins d\u2019Aniane<\/strong><\/a> part de la volont\u00e9 d\u2019amis vignerons de travailler sur un projet commun et de voir na\u00eetre un \u00e9v\u00e9nement repr\u00e9sentant \u00e0 la fois l\u2019excellence des vins du territoire, la beaut\u00e9 du terroir et l\u2019art de vivre.<\/p><p>Cette ann\u00e9e, la Route des Vins du Festival des Vins d&rsquo;Aniane se d\u00e9roulera dans 3 domaines sur le terroir\u00a0<strong>d&rsquo;Aniane<\/strong>\u00a0!<\/p><p>Cr\u00e9\u00e9 depuis plus de 20 ans, cet \u00e9v\u00e9nement a su se d\u00e9velopper dans un objectif d\u2019offrir des moments d\u2019exceptions aux passionn\u00e9s comme aux curieux n\u00e9ophytes.<\/p>\t\t\t\t\t\t\t\t<\/div>\n\t\t\t\t<\/div>\n\t\t\t\t\t<\/div>\n\t\t\t\t<\/div>\n\t\t\t\t\t<\/div>\n\t\t\t\t<\/div>\n\t\t<div class=\"elementor-element elementor-element-755a067 e-flex e-con-boxed e-con e-child\" data-id=\"755a067\" data-element_type=\"container\" data-e-type=\"container\">\n\t\t\t\t\t<div class=\"e-con-inner\">\n\t\t<div class=\"elementor-element elementor-element-5b81164 e-con-full e-flex e-con e-child\" data-id=\"5b81164\" data-element_type=\"container\" data-e-type=\"container\">\n\t\t\t\t<div class=\"elementor-element elementor-element-2b55797 elementor-widget elementor-widget-menu-anchor\" data-id=\"2b55797\" data-element_type=\"widget\" data-e-type=\"widget\" data-widget_type=\"menu-anchor.default\">\n\t\t\t\t<div class=\"elementor-widget-container\">\n\t\t\t\t\t\t\t<div class=\"elementor-menu-anchor\" id=\"fiestasete\"><\/div>\n\t\t\t\t\t\t<\/div>\n\t\t\t\t<\/div>\n\t\t\t\t<div class=\"elementor-element elementor-element-261d82d elementor-widget elementor-widget-heading\" data-id=\"261d82d\" data-element_type=\"widget\" data-e-type=\"widget\" data-widget_type=\"heading.default\">\n\t\t\t\t<div class=\"elementor-widget-container\">\n\t\t\t\t\t<h2 class=\"elementor-heading-title elementor-size-default\">FESTIVAL DES MUSIQUES DU MONDE FIEST'A SETE<\/h2>\t\t\t\t<\/div>\n\t\t\t\t<\/div>\n\t\t\t\t<div class=\"elementor-element elementor-element-f616d81 elementor-widget elementor-widget-text-editor\" data-id=\"f616d81\" data-element_type=\"widget\" data-e-type=\"widget\" data-widget_type=\"text-editor.default\">\n\t\t\t\t<div class=\"elementor-widget-container\">\n\t\t\t\t\t\t\t\t\t<p style=\"text-align: justify;\">Le domaine est partenaire du Festival des musiques du Monde, <a href=\"https:\/\/www.fiestasete.com\/index.html\" target=\"_blank\" rel=\"noopener\"><strong>Fiest&rsquo;A S\u00e8te<\/strong><\/a> !<\/p><h3><strong>28\u00e8 \u00e9dition<\/strong> : Du 19 Juillet au 3 Ao\u00fbt 2025 !<\/h3><p style=\"text-align: justify;\">Le Festival Fiest\u2019A S\u00e8te en quelques chiffres :<\/p><ul style=\"text-align: justify;\"><li>16 jours de festival<\/li><li><span style=\"background-color: transparent; font-family: var( --e-global-typography-text-font-family ), Sans-serif; font-weight: var( --e-global-typography-text-font-weight );\">plus de 200 artistes issus des 4 coins du monde<\/span><\/li><li>12 concerts au Th\u00e9\u00e2tre de la Mer<\/li><li>10\u00a0DJ sets et concerts gratuits \u00e0 S\u00e8te (Plage La Ola, M\u00e9diath\u00e8que F. Mitterrand, Le Dancing) et \u00e0 Poussan<\/li><li><span style=\"background-color: transparent; font-family: var( --e-global-typography-text-font-family ), Sans-serif; font-weight: var( --e-global-typography-text-font-weight );\">Des s\u00e9ances de cin\u00e9ma<\/span><\/li><li><span style=\"background-color: transparent; font-family: var( --e-global-typography-text-font-family ), Sans-serif; font-weight: var( --e-global-typography-text-font-weight );\">Des expositions dans diff\u00e9rents lieux de la ville<\/span><\/li><li>Des ateliers enfants et adolescents<\/li><li><span style=\"background-color: transparent; font-family: var( --e-global-typography-text-font-family ), Sans-serif; font-weight: var( --e-global-typography-text-font-weight );\">Des stands de cuisine du monde sur les lieux des concerts<\/span><\/li><li>Plus de 300 adh\u00e9rents \u00e0 l\u2019association M\u00e9tis\u00e8te qui organise le festival<\/li><\/ul><p style=\"text-align: justify;\">Musiques vivantes plut\u00f4t que musiques du monde tout simplement parce que celles que nous ch\u00e9rissons parlent au pr\u00e9sent de notre monde d\u2019aujourd\u2019hui. Nos choix restent ainsi guid\u00e9s, pour l\u2019essentiel, par une certaine id\u00e9e de la modernit\u00e9, du m\u00e9tissage et du mouvement.<\/p><p style=\"text-align: justify;\">Rien ne nous enthousiasme autant que les propositions musicales aux saveurs in\u00e9dites, les mixtures les plus audacieusement relev\u00e9es, \u00e0 condition que qualit\u00e9 et plaisir soient au rendez-vous !<\/p>\t\t\t\t\t\t\t\t<\/div>\n\t\t\t\t<\/div>\n\t\t\t\t<\/div>\n\t\t<div class=\"elementor-element elementor-element-e368965 e-con-full e-flex e-con e-child\" data-id=\"e368965\" data-element_type=\"container\" data-e-type=\"container\" data-settings=\"{&quot;background_background&quot;:&quot;classic&quot;}\">\n\t\t\t\t<\/div>\n\t\t\t\t\t<\/div>\n\t\t\t\t<\/div>\n\t\t<div class=\"elementor-element elementor-element-eb67123 e-flex e-con-boxed e-con e-child\" data-id=\"eb67123\" data-element_type=\"container\" data-e-type=\"container\">\n\t\t\t\t\t<div class=\"e-con-inner\">\n\t\t<div class=\"elementor-element elementor-element-3ea9640 e-con-full e-flex e-con e-child\" data-id=\"3ea9640\" data-element_type=\"container\" data-e-type=\"container\" data-settings=\"{&quot;background_background&quot;:&quot;classic&quot;}\">\n\t\t\t\t<div class=\"elementor-element elementor-element-c29979a elementor-widget elementor-widget-spacer\" data-id=\"c29979a\" data-element_type=\"widget\" data-e-type=\"widget\" data-widget_type=\"spacer.default\">\n\t\t\t\t<div class=\"elementor-widget-container\">\n\t\t\t\t\t\t\t<div class=\"elementor-spacer\">\n\t\t\t<div class=\"elementor-spacer-inner\"><\/div>\n\t\t<\/div>\n\t\t\t\t\t\t<\/div>\n\t\t\t\t<\/div>\n\t\t\t\t<\/div>\n\t\t<div class=\"elementor-element elementor-element-3eecabd e-flex e-con-boxed e-con e-child\" data-id=\"3eecabd\" data-element_type=\"container\" data-e-type=\"container\">\n\t\t\t\t\t<div class=\"e-con-inner\">\n\t\t\t\t<div class=\"elementor-element elementor-element-e43ff5e elementor-widget elementor-widget-menu-anchor\" data-id=\"e43ff5e\" data-element_type=\"widget\" data-e-type=\"widget\" data-widget_type=\"menu-anchor.default\">\n\t\t\t\t<div class=\"elementor-widget-container\">\n\t\t\t\t\t\t\t<div class=\"elementor-menu-anchor\" id=\"guilhem\"><\/div>\n\t\t\t\t\t\t<\/div>\n\t\t\t\t<\/div>\n\t\t\t\t<div class=\"elementor-element elementor-element-fa5e429 elementor-widget elementor-widget-heading\" data-id=\"fa5e429\" data-element_type=\"widget\" data-e-type=\"widget\" data-widget_type=\"heading.default\">\n\t\t\t\t<div class=\"elementor-widget-container\">\n\t\t\t\t\t<h2 class=\"elementor-heading-title elementor-size-default\">SAISON MUSICALE DES AMIS DE ST GUILHEM LE D\u00c9SERT<\/h2>\t\t\t\t<\/div>\n\t\t\t\t<\/div>\n\t\t\t\t<div class=\"elementor-element elementor-element-dfa12ca elementor-widget elementor-widget-text-editor\" data-id=\"dfa12ca\" data-element_type=\"widget\" data-e-type=\"widget\" data-widget_type=\"text-editor.default\">\n\t\t\t\t<div class=\"elementor-widget-container\">\n\t\t\t\t\t\t\t\t\t<p>Le domaine est m\u00e9c\u00e8ne de l\u2019association des <a href=\"http:\/\/www.amisdestguilhem.fr\/\" target=\"_blank\" rel=\"noopener\"><strong>Amis de Saint Guilhem le D\u00e9sert<\/strong>.<\/a><br \/>La passion de la musique, quarante ans d\u2019\u00e9changes et notre proximit\u00e9 culturelle et g\u00e9ographique ont naturellement amen\u00e9 le Mas de Daumas Gassac \u00e0 soutenir l\u2019action exemplaire des Amis de Saint-Guilhem-le-d\u00e9sert.<\/p><h5>Dates \u00e0 retenir :\u00a0<\/h5><p><strong>Samedi 14 septembre 2024 &#8211; 20h30 &#8211; Abbaye de Gellone<\/strong><br \/>Ensemble A Mirarvi<br \/>Chiaroscuro &#8211; Duos baroque italiens : Haendel, Vivaldi, Monteverdi, Pergolesi.<\/p><p><strong>Vendredi 27 septembre 2024 &#8211; 20h30 &#8211; Abbaye de Gellone<\/strong><br \/>Les musiciens de Saint Julien<br \/>Vivaldi, le souffle des saisons &#8211; Concertos pour fl\u00fbtes et musette.<\/p><p><strong>Vendredi 04 octobre 2024 &#8211; 20h30 &#8211; Abbaye de Gellone<\/strong><br \/>Orchestre de chambre de Toulouse<br \/>Mozart, Les grandes symphonies &#8211; Symphonie no. 40 en sol mineur.<\/p><p><strong>Vendredi 11 octobre 2024 &#8211; 20h30 &#8211; Abbaye de Gellone<\/strong><br \/>Les Itin\u00e9rantes<br \/>Trio vocal f\u00e9minin \u00e0 capella &#8211; Entre ciel et terre.<\/p><p><strong>Vendredi 07 f\u00e9vrier 2025 &#8211; 20h00 &#8211; Centre culturel Le Sonambule de Gignac<\/strong><br \/>Orchestre National de Montpellier Occitanie &#8211; Bonis, Strauss, Beethoven.<\/p>\t\t\t\t\t\t\t\t<\/div>\n\t\t\t\t<\/div>\n\t\t\t\t\t<\/div>\n\t\t\t\t<\/div>\n\t\t\t\t\t<\/div>\n\t\t\t\t<\/div>\n\t\t<div class=\"elementor-element elementor-element-a8800f7 e-flex e-con-boxed e-con e-child\" data-id=\"a8800f7\" data-element_type=\"container\" data-e-type=\"container\">\n\t\t\t\t\t<div class=\"e-con-inner\">\n\t\t<div class=\"elementor-element elementor-element-264226a e-con-full e-flex e-con e-child\" data-id=\"264226a\" data-element_type=\"container\" data-e-type=\"container\">\n\t\t\t\t<div class=\"elementor-element elementor-element-5853f46 elementor-widget elementor-widget-menu-anchor\" data-id=\"5853f46\" data-element_type=\"widget\" data-e-type=\"widget\" data-widget_type=\"menu-anchor.default\">\n\t\t\t\t<div class=\"elementor-widget-container\">\n\t\t\t\t\t\t\t<div class=\"elementor-menu-anchor\" id=\"cinemed\"><\/div>\n\t\t\t\t\t\t<\/div>\n\t\t\t\t<\/div>\n\t\t\t\t<div class=\"elementor-element elementor-element-7aaf52d elementor-widget elementor-widget-heading\" data-id=\"7aaf52d\" data-element_type=\"widget\" data-e-type=\"widget\" data-widget_type=\"heading.default\">\n\t\t\t\t<div class=\"elementor-widget-container\">\n\t\t\t\t\t<h2 class=\"elementor-heading-title elementor-size-default\">FESTIVAL DE CIN\u00c9MA DE MONTPELLIER - CINEMED<\/h2>\t\t\t\t<\/div>\n\t\t\t\t<\/div>\n\t\t\t\t<div class=\"elementor-element elementor-element-4247c65 elementor-widget elementor-widget-text-editor\" data-id=\"4247c65\" data-element_type=\"widget\" data-e-type=\"widget\" data-widget_type=\"text-editor.default\">\n\t\t\t\t<div class=\"elementor-widget-container\">\n\t\t\t\t\t\t\t\t\t<p>Le domaine est partenaire du Festival de cin\u00e9ma M\u00e9diterran\u00e9en de Montpellier depuis 2015.<\/p><h3>46\u00e8me \u00e9dition : du 18 au 26 octobre 2024<\/h3><p><a href=\"https:\/\/www.cinemed.tm.fr\/\" target=\"_blank\" rel=\"noopener\"><strong>CINEMED<\/strong><\/a>, le Festival du Cin\u00e9ma M\u00e9diterran\u00e9en a \u00e9t\u00e9 fond\u00e9 en 1979 par l\u2019\u00e9quipe du Cin\u00e9-club Jean-Vigo, cin\u00e9-club de Montpellier extr\u00eamement actif depuis le milieu des ann\u00e9es cinquante. \u00ab Rencontres avec le cin\u00e9ma m\u00e9diterran\u00e9en \u00bb \u00e0 son origine, cette manifestation est devenue \u00ab Festival International du Cin\u00e9ma M\u00e9diterran\u00e9en de Montpellier \u00bb en 1989 en introduisant \u00e0 partir de cette date une section comp\u00e9tition.<\/p><p>Le Festival International du Cin\u00e9ma M\u00e9diterran\u00e9en de Montpellier poursuit un but culturel de connaissance des cin\u00e9mas du bassin m\u00e9diterran\u00e9en, de la mer Noire, du Portugal et de l&rsquo;Arm\u00e9nie. Il facilite, dans un esprit de tol\u00e9rance, les \u00e9changes, les colloques et les \u00e9tudes sur les composantes communes qui relient entre elles ces cin\u00e9matographies.<\/p>\t\t\t\t\t\t\t\t<\/div>\n\t\t\t\t<\/div>\n\t\t\t\t<\/div>\n\t\t<div class=\"elementor-element elementor-element-eed1bad e-flex e-con-boxed e-con e-child\" data-id=\"eed1bad\" data-element_type=\"container\" data-e-type=\"container\" data-settings=\"{&quot;background_background&quot;:&quot;classic&quot;}\">\n\t\t\t\t\t<div class=\"e-con-inner\">\n\t\t\t\t<div class=\"elementor-element elementor-element-f7bab20 elementor-widget elementor-widget-spacer\" data-id=\"f7bab20\" data-element_type=\"widget\" data-e-type=\"widget\" data-widget_type=\"spacer.default\">\n\t\t\t\t<div class=\"elementor-widget-container\">\n\t\t\t\t\t\t\t<div class=\"elementor-spacer\">\n\t\t\t<div class=\"elementor-spacer-inner\"><\/div>\n\t\t<\/div>\n\t\t\t\t\t\t<\/div>\n\t\t\t\t<\/div>\n\t\t\t\t\t<\/div>\n\t\t\t\t<\/div>\n\t\t\t\t\t<\/div>\n\t\t\t\t<\/div>\n\t\t<div class=\"elementor-element elementor-element-0e7b902 e-flex e-con-boxed e-con e-child\" data-id=\"0e7b902\" data-element_type=\"container\" data-e-type=\"container\">\n\t\t\t\t\t<div class=\"e-con-inner\">\n\t\t<div class=\"elementor-element elementor-element-8090393 e-con-full e-flex e-con e-child\" data-id=\"8090393\" data-element_type=\"container\" data-e-type=\"container\" data-settings=\"{&quot;background_background&quot;:&quot;classic&quot;}\">\n\t\t\t\t<div class=\"elementor-element elementor-element-1484f8a elementor-widget elementor-widget-spacer\" data-id=\"1484f8a\" data-element_type=\"widget\" data-e-type=\"widget\" data-widget_type=\"spacer.default\">\n\t\t\t\t<div class=\"elementor-widget-container\">\n\t\t\t\t\t\t\t<div class=\"elementor-spacer\">\n\t\t\t<div class=\"elementor-spacer-inner\"><\/div>\n\t\t<\/div>\n\t\t\t\t\t\t<\/div>\n\t\t\t\t<\/div>\n\t\t\t\t<\/div>\n\t\t<div class=\"elementor-element elementor-element-5d9de60 e-flex e-con-boxed e-con e-child\" data-id=\"5d9de60\" data-element_type=\"container\" data-e-type=\"container\">\n\t\t\t\t\t<div class=\"e-con-inner\">\n\t\t\t\t<div class=\"elementor-element elementor-element-2989495 elementor-widget elementor-widget-menu-anchor\" data-id=\"2989495\" data-element_type=\"widget\" data-e-type=\"widget\" data-widget_type=\"menu-anchor.default\">\n\t\t\t\t<div class=\"elementor-widget-container\">\n\t\t\t\t\t\t\t<div class=\"elementor-menu-anchor\" id=\"fernande\"><\/div>\n\t\t\t\t\t\t<\/div>\n\t\t\t\t<\/div>\n\t\t\t\t<div class=\"elementor-element elementor-element-83ecb9b elementor-widget elementor-widget-heading\" data-id=\"83ecb9b\" data-element_type=\"widget\" data-e-type=\"widget\" data-widget_type=\"heading.default\">\n\t\t\t\t<div class=\"elementor-widget-container\">\n\t\t\t\t\t<h2 class=\"elementor-heading-title elementor-size-default\">FESTIVAL DE MUSIQUE - QUAND JE PENSE A FERNANDE<\/h2>\t\t\t\t<\/div>\n\t\t\t\t<\/div>\n\t\t\t\t<div class=\"elementor-element elementor-element-0d41021 elementor-widget elementor-widget-text-editor\" data-id=\"0d41021\" data-element_type=\"widget\" data-e-type=\"widget\" data-widget_type=\"text-editor.default\">\n\t\t\t\t<div class=\"elementor-widget-container\">\n\t\t\t\t\t\t\t\t\t<h3>\u00c9dition 2025 : du 25 au 29 Juin 2025 !<\/h3>\nLe domaine est partenaire du <strong>Festival de musique Fernande.<\/strong>\n\nDepuis\u00a0la cr\u00e9ation du festival <a href=\"https:\/\/festival-fernande.com\/\" target=\"_blank\" rel=\"noopener\"><strong>Quand je pense \u00e0 Fernande<\/strong><\/a> en 2002, ils n&rsquo;ont eu de cesse de d\u00e9fendre la chanson fran\u00e7aise actuelle en pr\u00e9sentant dans le cadre enchanteur du Th\u00e9\u00e2tre de la Mer, un large \u00e9ventail des choix musicaux et des divers styles d&rsquo;\u00e9criture&#8230; Tout ceci est bien normal au pays de Georges Brassens.\n\n<strong>Quand je pense \u00e0 Fernande<\/strong>\u00a0est un festival qui s\u2019adresse \u00e0 tous, toutes g\u00e9n\u00e9rations confondues.\t\t\t\t\t\t\t\t<\/div>\n\t\t\t\t<\/div>\n\t\t\t\t\t<\/div>\n\t\t\t\t<\/div>\n\t\t\t\t\t<\/div>\n\t\t\t\t<\/div>\n\t\t<div class=\"elementor-element elementor-element-6f03c63 e-flex e-con-boxed e-con e-child\" data-id=\"6f03c63\" data-element_type=\"container\" data-e-type=\"container\">\n\t\t\t\t\t<div class=\"e-con-inner\">\n\t\t<div class=\"elementor-element elementor-element-07599f6 e-flex e-con-boxed e-con e-child\" data-id=\"07599f6\" data-element_type=\"container\" data-e-type=\"container\">\n\t\t\t\t\t<div class=\"e-con-inner\">\n\t\t\t\t<div class=\"elementor-element elementor-element-dc63ca9 elementor-widget elementor-widget-menu-anchor\" data-id=\"dc63ca9\" data-element_type=\"widget\" data-e-type=\"widget\" data-widget_type=\"menu-anchor.default\">\n\t\t\t\t<div class=\"elementor-widget-container\">\n\t\t\t\t\t\t\t<div class=\"elementor-menu-anchor\" id=\"sanchez\"><\/div>\n\t\t\t\t\t\t<\/div>\n\t\t\t\t<\/div>\n\t\t\t\t<div class=\"elementor-element elementor-element-b7ff3dc elementor-widget elementor-widget-heading\" data-id=\"b7ff3dc\" data-element_type=\"widget\" data-e-type=\"widget\" data-widget_type=\"heading.default\">\n\t\t\t\t<div class=\"elementor-widget-container\">\n\t\t\t\t\t<h2 class=\"elementor-heading-title elementor-size-default\">Guy Sanchez - Ostr\u00e9iculteurs<\/h2>\t\t\t\t<\/div>\n\t\t\t\t<\/div>\n\t\t\t\t<div class=\"elementor-element elementor-element-6c4fcea elementor-widget elementor-widget-text-editor\" data-id=\"6c4fcea\" data-element_type=\"widget\" data-e-type=\"widget\" data-widget_type=\"text-editor.default\">\n\t\t\t\t<div class=\"elementor-widget-container\">\n\t\t\t\t\t\t\t\t\t<h3>LA FAMILLE SANCHEZ<br \/>Une dynastie d\u2019ostr\u00e9iculteurs depuis 4 g\u00e9n\u00e9rations\u2026<\/h3><p>En Juillet 2020, <strong>Moulin de Gassac<\/strong> a scell\u00e9 un partenariat avec la <a href=\"https:\/\/guysanchez-huitres.fr\/fr\" target=\"_blank\" rel=\"noopener\"><strong>Famille Sanchez<\/strong><\/a>.<\/p><p>Producteur d\u2019hu\u00eetres depuis 4 g\u00e9n\u00e9rations sur le <strong>Bassin de Thau<\/strong>, mais aussi en Camargue et sur les salins de Gruissan dans l\u2019Aude, nous avons en commun : la <strong>passion<\/strong> du m\u00e9tier mais surtout l&rsquo;envie de la transmettre et de la <strong>partager<\/strong> !<\/p><p>La famille Sanchez organise des <strong>visites<\/strong> de leur <strong>Mas Conchylicole<\/strong> au bord de l&rsquo;\u00e9tang de Thau. A cette occasion vous pourrez y <strong>d\u00e9guster<\/strong> quelques-unes de nos cuv\u00e9es Moulin de Gassac, notamment le Picpoul de Pinet et l&rsquo;Eraus qui se marient \u00e0 merveille avec les hu\u00eetres !<\/p>\t\t\t\t\t\t\t\t<\/div>\n\t\t\t\t<\/div>\n\t\t\t\t\t<\/div>\n\t\t\t\t<\/div>\n\t\t<div class=\"elementor-element elementor-element-93dcbf5 e-con-full e-flex e-con e-child\" data-id=\"93dcbf5\" data-element_type=\"container\" data-e-type=\"container\" data-settings=\"{&quot;background_background&quot;:&quot;classic&quot;}\">\n\t\t\t\t<div class=\"elementor-element elementor-element-e3005f4 elementor-widget elementor-widget-spacer\" data-id=\"e3005f4\" data-element_type=\"widget\" data-e-type=\"widget\" data-widget_type=\"spacer.default\">\n\t\t\t\t<div class=\"elementor-widget-container\">\n\t\t\t\t\t\t\t<div class=\"elementor-spacer\">\n\t\t\t<div class=\"elementor-spacer-inner\"><\/div>\n\t\t<\/div>\n\t\t\t\t\t\t<\/div>\n\t\t\t\t<\/div>\n\t\t\t\t<\/div>\n\t\t\t\t\t<\/div>\n\t\t\t\t<\/div>\n\t\t<div class=\"elementor-element elementor-element-14162c6 e-flex e-con-boxed e-con e-child\" data-id=\"14162c6\" data-element_type=\"container\" data-e-type=\"container\">\n\t\t\t\t\t<div class=\"e-con-inner\">\n\t\t<div class=\"elementor-element elementor-element-c4217f1 e-con-full e-flex e-con e-child\" data-id=\"c4217f1\" data-element_type=\"container\" data-e-type=\"container\" data-settings=\"{&quot;background_background&quot;:&quot;classic&quot;}\">\n\t\t\t\t<div class=\"elementor-element elementor-element-b5b3a54 elementor-widget elementor-widget-spacer\" data-id=\"b5b3a54\" data-element_type=\"widget\" data-e-type=\"widget\" data-widget_type=\"spacer.default\">\n\t\t\t\t<div class=\"elementor-widget-container\">\n\t\t\t\t\t\t\t<div class=\"elementor-spacer\">\n\t\t\t<div class=\"elementor-spacer-inner\"><\/div>\n\t\t<\/div>\n\t\t\t\t\t\t<\/div>\n\t\t\t\t<\/div>\n\t\t\t\t<\/div>\n\t\t<div class=\"elementor-element elementor-element-aeb0443 e-flex e-con-boxed e-con e-child\" data-id=\"aeb0443\" data-element_type=\"container\" data-e-type=\"container\">\n\t\t\t\t\t<div class=\"e-con-inner\">\n\t\t\t\t<div class=\"elementor-element elementor-element-6557a98 elementor-widget elementor-widget-menu-anchor\" data-id=\"6557a98\" data-element_type=\"widget\" data-e-type=\"widget\" data-widget_type=\"menu-anchor.default\">\n\t\t\t\t<div class=\"elementor-widget-container\">\n\t\t\t\t\t\t\t<div class=\"elementor-menu-anchor\" id=\"folies\"><\/div>\n\t\t\t\t\t\t<\/div>\n\t\t\t\t<\/div>\n\t\t\t\t<div class=\"elementor-element elementor-element-a60d72b elementor-widget elementor-widget-heading\" data-id=\"a60d72b\" data-element_type=\"widget\" data-e-type=\"widget\" data-widget_type=\"heading.default\">\n\t\t\t\t<div class=\"elementor-widget-container\">\n\t\t\t\t\t<h2 class=\"elementor-heading-title elementor-size-default\">SHOW SYMPHONIQUE - LES FOLIES LYRIQUES<\/h2>\t\t\t\t<\/div>\n\t\t\t\t<\/div>\n\t\t\t\t<div class=\"elementor-element elementor-element-0f9b95b elementor-widget elementor-widget-text-editor\" data-id=\"0f9b95b\" data-element_type=\"widget\" data-e-type=\"widget\" data-widget_type=\"text-editor.default\">\n\t\t\t\t<div class=\"elementor-widget-container\">\n\t\t\t\t\t\t\t\t\t<p>Le domaine est partenaire des <a href=\"https:\/\/folieslyriques.com\/\" target=\"_blank\" rel=\"noopener\"><strong>Folies Lyriques<\/strong><\/a> du Domaine d&rsquo;O.<\/p><h3><strong>\u00c9dition 2025<\/strong>\u00a0: du 27 juin au 4 Juillet 2025 !<\/h3><p>Depuis 15 ans, Folies lyriques propose \u00e0 travers Folies d\u2019O une programmation d\u2019op\u00e9rettes, op\u00e9ras comiques, et com\u00e9dies musicales en plein air dans l\u2019Amphith\u00e9\u00e2tre du domaine d\u2019O \u00e0 Montpellier et se fixe comme objectif de s\u2019adresser \u00e0 tous les publics.<\/p>\t\t\t\t\t\t\t\t<\/div>\n\t\t\t\t<\/div>\n\t\t\t\t\t<\/div>\n\t\t\t\t<\/div>\n\t\t\t\t\t<\/div>\n\t\t\t\t<\/div>\n\t\t\t\t<\/div>\n\t\t\t\t<\/div>\n\t\t<div class=\"elementor-element elementor-element-a2b9355 e-con-full wrap-right barre-laterale elementor-hidden-tablet elementor-hidden-mobile e-flex e-con e-child\" data-id=\"a2b9355\" data-element_type=\"container\" data-e-type=\"container\">\n\t\t<div class=\"elementor-element elementor-element-5acf0ca e-flex e-con-boxed e-con e-child\" data-id=\"5acf0ca\" data-element_type=\"container\" data-e-type=\"container\" data-settings=\"{&quot;sticky&quot;:&quot;top&quot;,&quot;sticky_on&quot;:[&quot;desktop&quot;],&quot;sticky_offset&quot;:0,&quot;sticky_effects_offset&quot;:0,&quot;sticky_anchor_link_offset&quot;:0}\">\n\t\t\t\t\t<div class=\"e-con-inner\">\n\t\t\t\t<div class=\"elementor-element elementor-element-615a082 menu-lateral elementor-nav-menu--dropdown-tablet elementor-nav-menu__text-align-aside elementor-nav-menu--toggle elementor-nav-menu--burger elementor-widget elementor-widget-nav-menu\" data-id=\"615a082\" data-element_type=\"widget\" data-e-type=\"widget\" data-settings=\"{&quot;layout&quot;:&quot;vertical&quot;,&quot;submenu_icon&quot;:{&quot;value&quot;:&quot;&lt;i class=\\&quot;fas fa-caret-down\\&quot; aria-hidden=\\&quot;true\\&quot;&gt;&lt;\\\/i&gt;&quot;,&quot;library&quot;:&quot;fa-solid&quot;},&quot;toggle&quot;:&quot;burger&quot;}\" data-widget_type=\"nav-menu.default\">\n\t\t\t\t<div class=\"elementor-widget-container\">\n\t\t\t\t\t\t\t\t<nav aria-label=\"Menu\" class=\"elementor-nav-menu--main elementor-nav-menu__container elementor-nav-menu--layout-vertical e--pointer-none\">\n\t\t\t\t<ul id=\"menu-1-615a082\" class=\"elementor-nav-menu sm-vertical\"><li class=\"menu-item menu-item-type-post_type menu-item-object-page menu-item-28026\"><a href=\"https:\/\/www.daumas-gassac.com\/fr\/salons\/\" class=\"elementor-item\">Salons<\/a><\/li>\n<li class=\"menu-item menu-item-type-post_type menu-item-object-page menu-item-28027\"><a href=\"https:\/\/www.daumas-gassac.com\/fr\/jazz-sous-les-etoiles\/\" class=\"elementor-item\">Jazz sous les \u00e9toiles<\/a><\/li>\n<li class=\"menu-item menu-item-type-post_type menu-item-object-page menu-item-26284\"><a href=\"https:\/\/www.daumas-gassac.com\/fr\/balades-vigneronnes\/\" class=\"elementor-item\">Balades vigneronnes<\/a><\/li>\n<li class=\"menu-item menu-item-type-post_type menu-item-object-page menu-item-26285\"><a href=\"https:\/\/www.daumas-gassac.com\/fr\/degustation-verticale\/\" class=\"elementor-item\">D\u00e9gustation verticale<\/a><\/li>\n<li class=\"menu-item menu-item-type-post_type menu-item-object-page menu-item-26282\"><a href=\"https:\/\/www.daumas-gassac.com\/fr\/partenariats\/\" class=\"elementor-item\">Partenariats<\/a><\/li>\n<\/ul>\t\t\t<\/nav>\n\t\t\t\t\t<div class=\"elementor-menu-toggle\" role=\"button\" tabindex=\"0\" aria-label=\"Permuter le menu\" aria-expanded=\"false\">\n\t\t\t<i aria-hidden=\"true\" role=\"presentation\" class=\"elementor-menu-toggle__icon--open eicon-menu-bar\"><\/i><i aria-hidden=\"true\" role=\"presentation\" class=\"elementor-menu-toggle__icon--close eicon-close\"><\/i>\t\t<\/div>\n\t\t\t\t\t<nav class=\"elementor-nav-menu--dropdown elementor-nav-menu__container\" aria-hidden=\"true\">\n\t\t\t\t<ul id=\"menu-2-615a082\" class=\"elementor-nav-menu sm-vertical\"><li class=\"menu-item menu-item-type-post_type menu-item-object-page menu-item-28026\"><a href=\"https:\/\/www.daumas-gassac.com\/fr\/salons\/\" class=\"elementor-item\" tabindex=\"-1\">Salons<\/a><\/li>\n<li class=\"menu-item menu-item-type-post_type menu-item-object-page menu-item-28027\"><a href=\"https:\/\/www.daumas-gassac.com\/fr\/jazz-sous-les-etoiles\/\" class=\"elementor-item\" tabindex=\"-1\">Jazz sous les \u00e9toiles<\/a><\/li>\n<li class=\"menu-item menu-item-type-post_type menu-item-object-page menu-item-26284\"><a href=\"https:\/\/www.daumas-gassac.com\/fr\/balades-vigneronnes\/\" class=\"elementor-item\" tabindex=\"-1\">Balades vigneronnes<\/a><\/li>\n<li class=\"menu-item menu-item-type-post_type menu-item-object-page menu-item-26285\"><a href=\"https:\/\/www.daumas-gassac.com\/fr\/degustation-verticale\/\" class=\"elementor-item\" tabindex=\"-1\">D\u00e9gustation verticale<\/a><\/li>\n<li class=\"menu-item menu-item-type-post_type menu-item-object-page menu-item-26282\"><a href=\"https:\/\/www.daumas-gassac.com\/fr\/partenariats\/\" class=\"elementor-item\" tabindex=\"-1\">Partenariats<\/a><\/li>\n<\/ul>\t\t\t<\/nav>\n\t\t\t\t\t\t<\/div>\n\t\t\t\t<\/div>\n\t\t\t\t\t<\/div>\n\t\t\t\t<\/div>\n\t\t\t\t<\/div>\n\t\t\t\t\t<\/div>\n\t\t\t\t<\/div>\n\t\t\t\t<\/div>\n\t\t","protected":false},"excerpt":{"rendered":"<p>Partenariats Nos partenaires Par nos actions et nos engagements, nous agissons en faveur d\u2019\u00e9v\u00e8nements culturels, artistiques ou \u0153nologiques qui nous ressemblent et avec lesquels nous sommes en empathie. A travers ces diff\u00e9rentes participations, nous tenons aussi \u00e0 rester en \u00e9veil sur ce qu\u2019il se passe en dehors de nos terres et de nous en nourrir [&hellip;]<\/p>\n","protected":false},"author":3,"featured_media":0,"parent":0,"menu_order":0,"comment_status":"closed","ping_status":"closed","template":"","meta":{"_acf_changed":false,"footnotes":""},"categories":[],"class_list":["post-26251","page","type-page","status-publish","hentry"],"acf":[],"yoast_head":"<!-- This site is optimized with the Yoast SEO plugin v27.0 - https:\/\/yoast.com\/product\/yoast-seo-wordpress\/ -->\n<title>Partenariats - Daumas Gassac<\/title>\n<meta name=\"robots\" content=\"index, follow, max-snippet:-1, max-image-preview:large, max-video-preview:-1\" \/>\n<link rel=\"canonical\" href=\"https:\/\/www.daumas-gassac.com\/fr\/partenariats\/\" \/>\n<meta property=\"og:locale\" content=\"fr_FR\" \/>\n<meta property=\"og:type\" content=\"article\" \/>\n<meta property=\"og:title\" content=\"Partenariats - Daumas Gassac\" \/>\n<meta property=\"og:description\" content=\"Partenariats Nos partenaires Par nos actions et nos engagements, nous agissons en faveur d\u2019\u00e9v\u00e8nements culturels, artistiques ou \u0153nologiques qui nous ressemblent et avec lesquels nous sommes en empathie. A travers ces diff\u00e9rentes participations, nous tenons aussi \u00e0 rester en \u00e9veil sur ce qu\u2019il se passe en dehors de nos terres et de nous en nourrir [&hellip;]\" \/>\n<meta property=\"og:url\" content=\"https:\/\/www.daumas-gassac.com\/fr\/partenariats\/\" \/>\n<meta property=\"og:site_name\" content=\"Daumas Gassac\" \/>\n<meta property=\"article:modified_time\" content=\"2025-03-11T11:53:16+00:00\" \/>\n<meta property=\"og:image\" content=\"https:\/\/www.daumas-gassac.com\/wp-content\/uploads\/LOGO_FESTIVAL.jpg\" \/>\n\t<meta property=\"og:image:width\" content=\"300\" \/>\n\t<meta property=\"og:image:height\" content=\"300\" \/>\n\t<meta property=\"og:image:type\" content=\"image\/jpeg\" \/>\n<meta name=\"twitter:card\" content=\"summary_large_image\" \/>\n<meta name=\"twitter:label1\" content=\"Dur\u00e9e de lecture estim\u00e9e\" \/>\n\t<meta name=\"twitter:data1\" content=\"7 minutes\" \/>\n<script type=\"application\/ld+json\" class=\"yoast-schema-graph\">{\"@context\":\"https:\/\/schema.org\",\"@graph\":[{\"@type\":\"WebPage\",\"@id\":\"https:\/\/www.daumas-gassac.com\/fr\/partenariats\/\",\"url\":\"https:\/\/www.daumas-gassac.com\/fr\/partenariats\/\",\"name\":\"Partenariats - Daumas Gassac\",\"isPartOf\":{\"@id\":\"https:\/\/www.daumas-gassac.com\/fr\/#website\"},\"primaryImageOfPage\":{\"@id\":\"https:\/\/www.daumas-gassac.com\/fr\/partenariats\/#primaryimage\"},\"image\":{\"@id\":\"https:\/\/www.daumas-gassac.com\/fr\/partenariats\/#primaryimage\"},\"thumbnailUrl\":\"https:\/\/www.daumas-gassac.com\/wp-content\/uploads\/LOGO_FESTIVAL.jpg\",\"datePublished\":\"2023-06-11T19:31:29+00:00\",\"dateModified\":\"2025-03-11T11:53:16+00:00\",\"breadcrumb\":{\"@id\":\"https:\/\/www.daumas-gassac.com\/fr\/partenariats\/#breadcrumb\"},\"inLanguage\":\"fr-FR\",\"potentialAction\":[{\"@type\":\"ReadAction\",\"target\":[\"https:\/\/www.daumas-gassac.com\/fr\/partenariats\/\"]}]},{\"@type\":\"ImageObject\",\"inLanguage\":\"fr-FR\",\"@id\":\"https:\/\/www.daumas-gassac.com\/fr\/partenariats\/#primaryimage\",\"url\":\"https:\/\/www.daumas-gassac.com\/wp-content\/uploads\/LOGO_FESTIVAL.jpg\",\"contentUrl\":\"https:\/\/www.daumas-gassac.com\/wp-content\/uploads\/LOGO_FESTIVAL.jpg\"},{\"@type\":\"BreadcrumbList\",\"@id\":\"https:\/\/www.daumas-gassac.com\/fr\/partenariats\/#breadcrumb\",\"itemListElement\":[{\"@type\":\"ListItem\",\"position\":1,\"name\":\"Accueil\",\"item\":\"https:\/\/www.daumas-gassac.com\/fr\/\"},{\"@type\":\"ListItem\",\"position\":2,\"name\":\"Partenariats\"}]},{\"@type\":\"WebSite\",\"@id\":\"https:\/\/www.daumas-gassac.com\/fr\/#website\",\"url\":\"https:\/\/www.daumas-gassac.com\/fr\/\",\"name\":\"Daumas Gassac\",\"description\":\"\",\"potentialAction\":[{\"@type\":\"SearchAction\",\"target\":{\"@type\":\"EntryPoint\",\"urlTemplate\":\"https:\/\/www.daumas-gassac.com\/fr\/?s={search_term_string}\"},\"query-input\":{\"@type\":\"PropertyValueSpecification\",\"valueRequired\":true,\"valueName\":\"search_term_string\"}}],\"inLanguage\":\"fr-FR\"}]}<\/script>\n<!-- \/ Yoast SEO plugin. -->","yoast_head_json":{"title":"Partenariats - Daumas Gassac","robots":{"index":"index","follow":"follow","max-snippet":"max-snippet:-1","max-image-preview":"max-image-preview:large","max-video-preview":"max-video-preview:-1"},"canonical":"https:\/\/www.daumas-gassac.com\/fr\/partenariats\/","og_locale":"fr_FR","og_type":"article","og_title":"Partenariats - Daumas Gassac","og_description":"Partenariats Nos partenaires Par nos actions et nos engagements, nous agissons en faveur d\u2019\u00e9v\u00e8nements culturels, artistiques ou \u0153nologiques qui nous ressemblent et avec lesquels nous sommes en empathie. A travers ces diff\u00e9rentes participations, nous tenons aussi \u00e0 rester en \u00e9veil sur ce qu\u2019il se passe en dehors de nos terres et de nous en nourrir [&hellip;]","og_url":"https:\/\/www.daumas-gassac.com\/fr\/partenariats\/","og_site_name":"Daumas Gassac","article_modified_time":"2025-03-11T11:53:16+00:00","og_image":[{"width":300,"height":300,"url":"https:\/\/www.daumas-gassac.com\/wp-content\/uploads\/LOGO_FESTIVAL.jpg","type":"image\/jpeg"}],"twitter_card":"summary_large_image","twitter_misc":{"Dur\u00e9e de lecture estim\u00e9e":"7 minutes"},"schema":{"@context":"https:\/\/schema.org","@graph":[{"@type":"WebPage","@id":"https:\/\/www.daumas-gassac.com\/fr\/partenariats\/","url":"https:\/\/www.daumas-gassac.com\/fr\/partenariats\/","name":"Partenariats - Daumas Gassac","isPartOf":{"@id":"https:\/\/www.daumas-gassac.com\/fr\/#website"},"primaryImageOfPage":{"@id":"https:\/\/www.daumas-gassac.com\/fr\/partenariats\/#primaryimage"},"image":{"@id":"https:\/\/www.daumas-gassac.com\/fr\/partenariats\/#primaryimage"},"thumbnailUrl":"https:\/\/www.daumas-gassac.com\/wp-content\/uploads\/LOGO_FESTIVAL.jpg","datePublished":"2023-06-11T19:31:29+00:00","dateModified":"2025-03-11T11:53:16+00:00","breadcrumb":{"@id":"https:\/\/www.daumas-gassac.com\/fr\/partenariats\/#breadcrumb"},"inLanguage":"fr-FR","potentialAction":[{"@type":"ReadAction","target":["https:\/\/www.daumas-gassac.com\/fr\/partenariats\/"]}]},{"@type":"ImageObject","inLanguage":"fr-FR","@id":"https:\/\/www.daumas-gassac.com\/fr\/partenariats\/#primaryimage","url":"https:\/\/www.daumas-gassac.com\/wp-content\/uploads\/LOGO_FESTIVAL.jpg","contentUrl":"https:\/\/www.daumas-gassac.com\/wp-content\/uploads\/LOGO_FESTIVAL.jpg"},{"@type":"BreadcrumbList","@id":"https:\/\/www.daumas-gassac.com\/fr\/partenariats\/#breadcrumb","itemListElement":[{"@type":"ListItem","position":1,"name":"Accueil","item":"https:\/\/www.daumas-gassac.com\/fr\/"},{"@type":"ListItem","position":2,"name":"Partenariats"}]},{"@type":"WebSite","@id":"https:\/\/www.daumas-gassac.com\/fr\/#website","url":"https:\/\/www.daumas-gassac.com\/fr\/","name":"Daumas Gassac","description":"","potentialAction":[{"@type":"SearchAction","target":{"@type":"EntryPoint","urlTemplate":"https:\/\/www.daumas-gassac.com\/fr\/?s={search_term_string}"},"query-input":{"@type":"PropertyValueSpecification","valueRequired":true,"valueName":"search_term_string"}}],"inLanguage":"fr-FR"}]}},"_links":{"self":[{"href":"https:\/\/www.daumas-gassac.com\/fr\/wp-json\/wp\/v2\/pages\/26251","targetHints":{"allow":["GET"]}}],"collection":[{"href":"https:\/\/www.daumas-gassac.com\/fr\/wp-json\/wp\/v2\/pages"}],"about":[{"href":"https:\/\/www.daumas-gassac.com\/fr\/wp-json\/wp\/v2\/types\/page"}],"author":[{"embeddable":true,"href":"https:\/\/www.daumas-gassac.com\/fr\/wp-json\/wp\/v2\/users\/3"}],"replies":[{"embeddable":true,"href":"https:\/\/www.daumas-gassac.com\/fr\/wp-json\/wp\/v2\/comments?post=26251"}],"version-history":[{"count":299,"href":"https:\/\/www.daumas-gassac.com\/fr\/wp-json\/wp\/v2\/pages\/26251\/revisions"}],"predecessor-version":[{"id":40230,"href":"https:\/\/www.daumas-gassac.com\/fr\/wp-json\/wp\/v2\/pages\/26251\/revisions\/40230"}],"wp:attachment":[{"href":"https:\/\/www.daumas-gassac.com\/fr\/wp-json\/wp\/v2\/media?parent=26251"}],"wp:term":[{"taxonomy":"category","embeddable":true,"href":"https:\/\/www.daumas-gassac.com\/fr\/wp-json\/wp\/v2\/categories?post=26251"}],"curies":[{"name":"wp","href":"https:\/\/api.w.org\/{rel}","templated":true}]}}